{"id":17,"date":"2014-06-30T08:47:12","date_gmt":"2014-06-30T08:47:12","guid":{"rendered":"http:\/\/localhost\/mangelsmestre\/?page_id=17"},"modified":"2026-03-11T22:04:20","modified_gmt":"2026-03-11T21:04:20","slug":"entrevistas","status":"publish","type":"page","link":"https:\/\/www.mangelsmestre.com\/main\/entrevistas\/","title":{"rendered":"Entrevistas"},"content":{"rendered":"<p><img loading=\"lazy\" decoding=\"async\" class=\"alignnone size-full wp-image-1856\" src=\"http:\/\/www.mangelsmestre.com\/main\/wp-content\/uploads\/sites\/4\/2019\/05\/micro.jpg\" alt=\"\" width=\"1800\" height=\"1200\" srcset=\"https:\/\/www.mangelsmestre.com\/main\/wp-content\/uploads\/sites\/4\/2019\/05\/micro.jpg 1800w, https:\/\/www.mangelsmestre.com\/main\/wp-content\/uploads\/sites\/4\/2019\/05\/micro-300x200.jpg 300w, https:\/\/www.mangelsmestre.com\/main\/wp-content\/uploads\/sites\/4\/2019\/05\/micro-768x512.jpg 768w, https:\/\/www.mangelsmestre.com\/main\/wp-content\/uploads\/sites\/4\/2019\/05\/micro-1024x683.jpg 1024w\" sizes=\"auto, (max-width: 1800px) 100vw, 1800px\" \/><\/p>\n<p><strong>Entrevistas<\/strong><\/p>\n<p><strong>V\u00eddeo<\/strong><\/p>\n<p>Estamos condenados a ser felices. \u2013 Octubre 2014 \u2013 <a href=\"https:\/\/youtu.be\/ey7nayiWJNo\" target=\"_blank\" rel=\"noopener noreferrer\">(1 de 1)<\/a><\/p>\n<p>Televisi\u00f3 St.Cugat \u2013 09\/05\/2011 \u2013 <a href=\"https:\/\/youtu.be\/7Cao7bzYSwE\" target=\"_blank\" rel=\"noopener noreferrer\">(1 de 1)<\/a><\/p>\n<p>La fibromi\u00e0lgia en primera persona. De la malaltia a la salut. \u2013 11\/05\/2011 \u2013 <a href=\"https:\/\/youtu.be\/n_uarvdrjy8\" target=\"_blank\" rel=\"noopener noreferrer\">(1 de 1)<\/a><\/p>\n<p>Tierra de Sue\u00f1os \u2013 25TV \u2013 09\/04\/2011 \u2013 <a href=\"https:\/\/youtu.be\/b2S9QjRFlsU\" target=\"_blank\" rel=\"noopener noreferrer\">(1 de 1)<\/a><\/p>\n<p>25TV \u2013 LAS TARDES DE PEDRO RIBA \u2013 22\/09\/2010 \u2013 <a href=\"https:\/\/youtu.be\/V0EACqDdwr8\" target=\"_blank\" rel=\"noopener noreferrer\">(1 de 1)<\/a><\/p>\n<p>TV Estil 9 \u2013 9 Sentit \u2013 9\/09\/2010 \u2013 <a href=\"https:\/\/youtu.be\/Kp4qwXbeHAA\" target=\"_blank\" rel=\"noopener noreferrer\">(1 de 2)<\/a>\u00a0\u2013 <a href=\"https:\/\/youtu.be\/O0LHCkyxAmU\" target=\"_blank\" rel=\"noopener noreferrer\">(2 de 2)<\/a><\/p>\n<p>TV Antena 3 Canarias \u2013 \u00abNoticias\u00bb \u2013 6\/03\/2009 \u2013 <a href=\"https:\/\/youtu.be\/FU7uDZ1rEzI\" target=\"_blank\" rel=\"noopener noreferrer\">(1 de 1)<\/a><\/p>\n<p>Canal 9 TV \u2013 \u00abEn connexi\u00f3\u00bb \u2013 Val\u00e8ncia \u2013 21\/04\/2008 \u2013 <a href=\"https:\/\/youtu.be\/ZrngCKnEP-Q\" target=\"_blank\" rel=\"noopener noreferrer\">(1 de 1)<\/a><\/p>\n<p>Arag\u00f3n TV \u2013 \u00abInformativos Zaragoza\u00bb \u2013 5\/02\/2008 \u2013 <a href=\"https:\/\/youtu.be\/rIZvRiUN0IY\" target=\"_blank\" rel=\"noopener noreferrer\">(1 de 1)<\/a><\/p>\n<p>LOCALIA TV \u2013 \u00abInformativo\u00bb \u2013 Castell\u00f3n \u2013 29\/01\/2008 \u2013 <a href=\"https:\/\/youtu.be\/15WbJxnjHko\" target=\"_blank\" rel=\"noopener noreferrer\">(1 de 1)<\/a><\/p>\n<p>Televisi\u00f3n de Canarias \u2013 \u00abBuenos d\u00edas Canarias\u00bb \u2013 Santa Cruz de Tenerife \u2013 16\/11\/2007 \u2013 <a href=\"https:\/\/youtu.be\/hNLb5ulTrEE\" target=\"_blank\" rel=\"noopener noreferrer\">(1 de 1)<\/a><\/p>\n<p>\u00abInformativos\u00bb \u2013 Santa Cruz de Tenerife \u2013 15\/11\/2007 \u2013 <a href=\"https:\/\/youtu.be\/ITOgFOzrigs\" target=\"_blank\" rel=\"noopener noreferrer\">(1 de 1)<\/a><\/p>\n<p>UrBeTV \u2013 \u00abMade in Barcelona\u00bb \u2013 Barcelona \u2013 8\/10\/2007 \u2013 <a href=\"https:\/\/youtu.be\/ONXqTkXfCaI\" target=\"_blank\" rel=\"noopener noreferrer\">(1 de 1)<\/a><\/p>\n<p><span lang=\"en-GB\">Nou TV \u2013 \u00abSet Dies\u00bb \u2013 Vic (Barcelona). \u2013 28\/9\/2007 \u2013 <\/span><a href=\"https:\/\/youtu.be\/_8Pe4HT-xEY\" target=\"_blank\" rel=\"noopener noreferrer\">(1 de 2)<\/a>\u00a0\u2013 <a href=\"https:\/\/youtu.be\/DGY-pyCcuGI\" target=\"_blank\" rel=\"noopener noreferrer\">(2 de 2)<\/a><\/p>\n<p>Barcelona TV \u2013 \u00abHola Barcelona\u00bb \u2013 26\/09\/2007 \u2013 <a href=\"https:\/\/youtu.be\/wBI_SP2ICVk\" target=\"_blank\" rel=\"noopener noreferrer\">(1 de 1)<\/a><\/p>\n<p>Medicina TV \u2013 Barcelona \u2013 Verano 2007 \u2013 <a href=\"https:\/\/youtu.be\/tEr9ZDJPnOI\" target=\"_blank\" rel=\"noopener noreferrer\">(1 de 5)<\/a>\u00a0\u2013 <a href=\"https:\/\/youtu.be\/S0AZ7HLt7_E\" target=\"_blank\" rel=\"noopener noreferrer\">(2 de 5)<\/a>\u00a0\u2013 <a href=\"https:\/\/youtu.be\/iBdc6ED7CAQ\" target=\"_blank\" rel=\"noopener noreferrer\">(3 de 5)<\/a>\u00a0\u2013 <a href=\"https:\/\/youtu.be\/jzQJiDguVpU\" target=\"_blank\" rel=\"noopener noreferrer\">(4 de 5)<\/a>\u00a0\u2013 <a href=\"https:\/\/youtu.be\/63XevKIUbHw\" target=\"_blank\" rel=\"noopener noreferrer\">(5 de 5)<\/a><\/p>\n<p>Coco mat \u2013 <a href=\"https:\/\/youtu.be\/Rb9JmO2e7PU\" target=\"_blank\" rel=\"noopener noreferrer\">(1 de 2)<\/a>\u00a0\u2013 <a href=\"https:\/\/youtu.be\/OWsdGiyAvwY\" target=\"_blank\" rel=\"noopener noreferrer\">(2 de 2)<\/a><\/p>\n<p>Recuperar la salud a trav\u00e9s de la alimentaci\u00f3n Sha Wellness \u2013 <a href=\"https:\/\/youtu.be\/iT6xqDw5QY4\" target=\"_blank\" rel=\"noopener noreferrer\">(1 de 1)<\/a><\/p>\n<p><strong>Radio<\/strong><\/p>\n<div class=\"dropdown-info\">\n<div id=\"scroll-programa\" data-collapsed=\"60\" data-uncollapsed=\"200\">\n<div class=\"viewport viewport-md\">\n<div class=\"overview\">\n<p class=\"description\">Entrevista a M\u00aa\u00c0ngels Mestre en el programa \u00abMisteris\u00bb de <strong>Rac1<\/strong> \u2013 8\/11\/2020<br \/>\nEplica su experiencia de superaci\u00f3n de la fibromialgia y s\u00edndrome de fatiga cr\u00f3nica (hasta el minuto 22) <a href=\"https:\/\/www.ivoox.com\/m-angels-mestre-entrevista-rac1-audios-mp3_rf_60961374_1.html\" target=\"_blank\" rel=\"noopener noreferrer\">(1 de 1)<\/a><\/p>\n<\/div>\n<\/div>\n<\/div>\n<\/div>\n<p>El Ba\u00fal de los Recuerdos. \u2013 21-03-2015 \u2013 <a href=\"http:\/\/www.ivoox.com\/4248276\" target=\"_blank\" rel=\"noopener noreferrer\">(1 de 1)<\/a><\/p>\n<p>Andorra Difusi\u00f3 \u2013 22-03-2015 \u2013 <a href=\"http:\/\/www.ivoox.com\/4341947\" target=\"_blank\" rel=\"noopener noreferrer\">(1 de 1)<\/a><\/p>\n<p>Vidasana \u2013 Octubre 2015 \u2013 <a href=\"http:\/\/vidasana.org\/noticias\/m-ngels-mestre-la-fibromialgia-es-la-enfermedad-de-las-emociones-no-expresadas-\" target=\"_blank\" rel=\"noopener noreferrer\">vidasana.org<\/a><\/p>\n<p>Revista Digital La Citadina. \u2013 02\/2014 \u2013 <a href=\"http:\/\/lacitadina.com.uy\/2014\/02\/12\/ya-hace-casi-nueve-anos-que-estoy-asintomatica-y-para-mi-esto-es-estar-curada\/\" target=\"_blank\" rel=\"noopener noreferrer\">lacitadina.com.uy<\/a><\/p>\n<p>Alimentaci\u00f3n, energ\u00eda vital en el C\u00e1ncer. Luces en la Oscuridad de Gestiona Radio. \u2013 22\/3\/2014 \u2013 <a href=\"https:\/\/youtu.be\/cyRJnazS-HY\" target=\"_blank\" rel=\"noopener noreferrer\">(1 de 1)<\/a><\/p>\n<p>Luces para el Alma. \u2013 02\/10\/13 \u2013 <a href=\"http:\/\/www.ivoox.com\/player_ek_2412996_2_1.html?data=k5melJ6deo6ZmKiakpaJd6KkkYqgo5WZcYarpJKfj4qbh46kjoqkpZKUcYarpJKdlIqWipKkhpezk5iPcYzA1sjS1ZDUpdPVjMrZjabQscKhhpywj8rXscrmwsnW0ZPJt46ZmKialg%3D%3D&amp;\" target=\"_blank\" rel=\"noopener noreferrer\">1 de 1<\/a><\/p>\n<p>Grup d\u2019Estudis d\u2019Esplugues \u2013 De la fibromi\u00e0lgia a la salut. \u2013 03\/03\/2012 \u2013<\/p>\n<p>JORNADAS DE SALUD EN TARRAGONA.<br \/>\nPrograma: Onda Cero \u2013 Boira, los misterios de la vida. \u2013 16\/06\/2011 \u2013 <a href=\"https:\/\/youtu.be\/-d16IY68NCQ\" target=\"_blank\" rel=\"noopener noreferrer\">(1 de 2)<\/a>\u00a0\u2013 <a href=\"https:\/\/youtu.be\/BPkCvWYkQmU\" target=\"_blank\" rel=\"noopener noreferrer\">(2 de 2)<\/a><\/p>\n<p>Otra Salud es posible, ONDA CERO, secci\u00f3n del programa \u201cBoira\u201d \u2013 25\/10\/2011 \u2013 <a href=\"https:\/\/youtu.be\/ofQ1KDtbsAg\" target=\"_blank\" rel=\"noopener noreferrer\">(1 de 3)<\/a>\u00a0\u2013 <a href=\"https:\/\/youtu.be\/YvkAishpJb4\" target=\"_blank\" rel=\"noopener noreferrer\">(2 de 3)<\/a>\u00a0\u2013 <a href=\"https:\/\/youtu.be\/6rq794JCeiM\" target=\"_blank\" rel=\"noopener noreferrer\">(3 de 3)<\/a><\/p>\n<p>La alimentaci\u00f3n como herramienta curativa \u2013 <a href=\"https:\/\/youtu.be\/HldwG7Szb2Q\" target=\"_blank\" rel=\"noopener noreferrer\">(1 de 4)<\/a>\u00a0\u2013 <a href=\"https:\/\/youtu.be\/Zz7To_ACpQM\" target=\"_blank\" rel=\"noopener noreferrer\">(2 de 4)<\/a>\u00a0\u2013 <a href=\"https:\/\/youtu.be\/bt_02ZJ8RKs\" target=\"_blank\" rel=\"noopener noreferrer\">(3 de 4)<\/a>\u00a0\u2013 <a href=\"https:\/\/youtu.be\/W25h0Bsy1ag\" target=\"_blank\" rel=\"noopener noreferrer\">(4 de 4)<\/a><\/p>\n<p>Punto Radio \u2013 02\/2011 \u2013 <a href=\"https:\/\/youtu.be\/b7u_h1nZyCM\" target=\"_blank\" rel=\"noopener noreferrer\">(1 de 1)<\/a><\/p>\n<p>Radio Valira \u2013 02\/2011 \u2013 <a href=\"https:\/\/youtu.be\/azV6TVMa7m8\" target=\"_blank\" rel=\"noopener noreferrer\">(1 de 2)<\/a>\u00a0\u2013 <a href=\"https:\/\/youtu.be\/qKhPgFCPTlg\" target=\"_blank\" rel=\"noopener noreferrer\">(2 de 2)<\/a><\/p>\n<p>Entrevista para Hispanoamerica \u2013 02\/2011 \u2013 <a href=\"https:\/\/youtu.be\/w8rX5OqOE6w\" target=\"_blank\" rel=\"noopener noreferrer\">(1 de 3)<\/a>\u00a0\u2013 <a href=\"https:\/\/youtu.be\/NweeraoXcbg\" target=\"_blank\" rel=\"noopener noreferrer\">(2 de 3)<\/a>\u00a0\u2013 <a href=\"https:\/\/youtu.be\/BS8O70-aIFI\" target=\"_blank\" rel=\"noopener noreferrer\">(3 de 3)<\/a><\/p>\n<p>Radio Euskadi \u2013 \u00abH\u00e1gase la luz\u00bb \u2013 11\/09\/2010 \u2013 <a href=\"https:\/\/youtu.be\/PjxsmlrxSrw\" target=\"_blank\" rel=\"noopener noreferrer\">(1 de 2)<\/a>\u00a0\u2013 <a href=\"https:\/\/youtu.be\/BXPyBqrmDU4\" target=\"_blank\" rel=\"noopener noreferrer\">(2 de 2)<\/a><\/p>\n<p>EL DIA \u2013 COM R\u00e0dio \u2013 Tots x tots \u2013 Vides An\u00f2nimes \u2013 13\/10\/2010 \u2013 <a href=\"https:\/\/youtu.be\/dww-tl21JUI\" target=\"_blank\" rel=\"noopener noreferrer\">(1 de 3)<\/a>\u00a0\u2013 <a href=\"https:\/\/youtu.be\/g-PxLgw6Kt8\" target=\"_blank\" rel=\"noopener noreferrer\">(2 de 3)<\/a>\u00a0\u2013 <a href=\"https:\/\/youtu.be\/4ECjyt0CeGg\" target=\"_blank\" rel=\"noopener noreferrer\">(3 de 3)<\/a><\/p>\n<p>Entrevista PUNTO RADIO \u2013 09\/10\/2010 \u2013 <a href=\"https:\/\/youtu.be\/t4JKw6igo3Q\" target=\"_blank\" rel=\"noopener noreferrer\">(1 de 2)<\/a>\u00a0\u2013 <a href=\"https:\/\/youtu.be\/zN-1a8u2oD0\" target=\"_blank\" rel=\"noopener noreferrer\">(2 de 2)<\/a><\/p>\n<p>Entrevista Rac1 \u2013 26\/08\/2010 \u2013 <a href=\"https:\/\/youtu.be\/OwEZmOYEda0\" target=\"_blank\" rel=\"noopener noreferrer\">(1 de 3)<\/a>\u00a0\u2013 <a href=\"https:\/\/youtu.be\/voNKK9WuOlQ\" target=\"_blank\" rel=\"noopener noreferrer\">(2 de 3)<\/a>\u00a0\u2013 <a href=\"https:\/\/youtu.be\/M0yhVGXAuB8\" target=\"_blank\" rel=\"noopener noreferrer\">(3 de 3)<\/a><\/p>\n<p>Entrevista COM RADIO \u2013 13\/07\/2010 \u2013 <a href=\"https:\/\/youtu.be\/DXf2tnHJfkg\" target=\"_blank\" rel=\"noopener noreferrer\">(1 de 4)<\/a>\u00a0\u2013 <a href=\"https:\/\/youtu.be\/CyHIQF0Ui6g\" target=\"_blank\" rel=\"noopener noreferrer\">(2 de 4)<\/a>\u00a0\u2013 <a href=\"https:\/\/youtu.be\/4JEMDKh-el0\" target=\"_blank\" rel=\"noopener noreferrer\">(3 de 4)<\/a>\u00a0\u2013 <a href=\"https:\/\/youtu.be\/HdACAgoVTmY\" target=\"_blank\" rel=\"noopener noreferrer\">(4 de 4)<\/a><\/p>\n<p>Entrevista RKB \u2013 \u00abS\u00e9ptima dimensi\u00f3n\u00bb \u2013 1\/07\/2010 \u2013 <a href=\"https:\/\/youtu.be\/VUC2vjFxGEg\" target=\"_blank\" rel=\"noopener noreferrer\">(1 de 1)<\/a><\/p>\n<p>Entrevista Radio Santo\u00f1a \u2013 \u00abMa\u00f1ana con rumbo\u00bb \u2013 20\/07\/2010 \u2013 <a href=\"https:\/\/youtu.be\/KdxRONH6jr0\" target=\"_blank\" rel=\"noopener noreferrer\">(1 de 2)<\/a>\u00a0\u2013 <a href=\"https:\/\/youtu.be\/_U4SoBYk914\" target=\"_blank\" rel=\"noopener noreferrer\">(2 de 2)<\/a><\/p>\n<p>Radio Intereconom\u00eda \u2013 \u00abCapital Fin de Semana\u00bb \u2013 10\/01\/2007 \u2013 <a href=\"https:\/\/youtu.be\/ky2TWhx_Xa8\" target=\"_blank\" rel=\"noopener noreferrer\">(1 de 3)<\/a>\u00a0\u2013 <a href=\"https:\/\/youtu.be\/zuayLcUJ0Vk\" target=\"_blank\" rel=\"noopener noreferrer\">(2 de 3)<\/a>\u00a0\u2013 <a href=\"https:\/\/youtu.be\/792NRCKgCi0\" target=\"_blank\" rel=\"noopener noreferrer\">(3 de 3)<\/a><\/p>\n<p>Radio Cope Catalunya \u2013 Barcelona \u2013 11\/05\/2007 \u2013 <a href=\"https:\/\/youtu.be\/h5vYyWy32cM\" target=\"_blank\" rel=\"noopener noreferrer\">(1 de 1)<\/a><\/p>\n<p>COMRadio \u2013 \u00abTal com som\u00bb \u2013 Barcelona \u2013 1\/10\/2007 \u2013\u00a0<a href=\"https:\/\/youtu.be\/JMBZPbAFJS8\" target=\"_blank\" rel=\"noopener noreferrer\">(1 de 5)<\/a>\u00a0\u2013 <a href=\"https:\/\/youtu.be\/eJd1uC1DAgU\" target=\"_blank\" rel=\"noopener noreferrer\">(2 de 5)<\/a>\u00a0\u2013 <a href=\"https:\/\/youtu.be\/cEFAbAYLoes\" target=\"_blank\" rel=\"noopener noreferrer\">(3 de 5)<\/a>\u00a0\u2013 <a href=\"https:\/\/youtu.be\/zu4VIq856To\" target=\"_blank\" rel=\"noopener noreferrer\">(4 de 5)<\/a>\u00a0\u2013 <a href=\"https:\/\/youtu.be\/IGhz0wjKFQk\" target=\"_blank\" rel=\"noopener noreferrer\">(5 de 5)<\/a><\/p>\n<p>R\u00e0dio Puntsisradio \u2013 \u00abAvui en dia\u00bb \u2013 Reus \u2013 8\/05\/2008 \u2013 <a href=\"https:\/\/youtu.be\/HSMj5l_K66M\" target=\"_blank\" rel=\"noopener noreferrer\">(1 de 1)<\/a><\/p>\n<p>TARRAGONA RADIO 96.7 \u2013 Tarragona \u2013 3\/01\/2008 \u2013\u00a0<a href=\"https:\/\/youtu.be\/a-K7A43Q3gg\" target=\"_blank\" rel=\"noopener noreferrer\">(1 de 2)<\/a>\u00a0\u2013 <a href=\"https:\/\/youtu.be\/KUOpdunFFhw\" target=\"_blank\" rel=\"noopener noreferrer\">(2 de 2)<\/a><\/p>\n<p>CADENA SER. \u2013 Radio CASTELLON \u2013 \u00abHoy por hoy\u00bb \u2013 Castell\u00f3n \u2013 28\/01\/2008 \u2013 <a href=\"https:\/\/youtu.be\/QV0jC01sZXk\" target=\"_blank\" rel=\"noopener noreferrer\">(1 de 1)<\/a><\/p>\n<p>ONDA CERO \u2013 Castell\u00f3n en la onda \u2013 \u00abLa mejor noticia del d\u00eda\u00bb \u2013 29\/01\/2008 \u2013 <a href=\"https:\/\/youtu.be\/MW4utafUj5E\" target=\"_blank\" rel=\"noopener noreferrer\">(1 de 1)<\/a><\/p>\n<p>RNE radio quatre \u201323\/09\/2006 \u2013\u00a0<a href=\"https:\/\/youtu.be\/t2dwmv3w8aE\" target=\"_blank\" rel=\"noopener noreferrer\">(1 de 2)<\/a>\u00a0\u2013 <a href=\"https:\/\/youtu.be\/WPuXfyxKZUY\" target=\"_blank\" rel=\"noopener noreferrer\">(2 de 2)<\/a><\/p>\n<p>Radio Arag\u00f3n \u2013 \u00abEn Abierto\u00bb \u2013 21\/01\/2007 \u2013\u00a0<a href=\"https:\/\/youtu.be\/oqjgRMZs1WQ\" target=\"_blank\" rel=\"noopener noreferrer\">(1 de 2)<\/a>\u00a0\u2013 <a href=\"https:\/\/youtu.be\/PC1wh3CXps8\" target=\"_blank\" rel=\"noopener noreferrer\">(2 de 2)<\/a><\/p>\n<p>CATALUNYA R\u00e0dio \u2013 \u00abL\u2019ofici de viure\u00bb \u2013 Barcelona \u2013 2\/10\/2007 \u2013 <a href=\"https:\/\/youtu.be\/PfeVhhPuAgI\" target=\"_blank\" rel=\"noopener noreferrer\">(1 de 2)<\/a> \u2013 <a href=\"https:\/\/youtu.be\/BKawtTfghlQ\" target=\"_blank\" rel=\"noopener noreferrer\">(2 de 2)<\/a><\/p>\n<p>Cadena SER \u2013 Radio Valencia \u2013 23\/04\/2008 <a href=\"https:\/\/youtu.be\/NKDcZZUUVlE\" target=\"_blank\" rel=\"noopener noreferrer\">(1 de 1)<\/a><\/p>\n<p>R\u00e0dio Vitam\u00e8nia \u2013 Santa Maria de Palautordera \u2013 15\/05\/2008 \u2013\u00a0<a href=\"https:\/\/youtu.be\/Li_Qxb1YhiE\" target=\"_blank\" rel=\"noopener noreferrer\">(1 de 2)<\/a> \u2013 <a href=\"https:\/\/youtu.be\/yAXN5oPcYS0\" target=\"_blank\" rel=\"noopener noreferrer\">(2 de 2)<\/a><\/p>\n","protected":false},"excerpt":{"rendered":"<p>Entrevistas V\u00eddeo Estamos condenados a ser felices. \u2013 Octubre 2014 \u2013 (1 de 1) Televisi\u00f3 St.Cugat \u2013 09\/05\/2011 \u2013 (1 [&hellip;]<\/p>\n","protected":false},"author":1,"featured_media":1856,"parent":0,"menu_order":0,"comment_status":"closed","ping_status":"closed","template":"","meta":{"footnotes":""},"class_list":["post-17","page","type-page","status-publish","has-post-thumbnail","hentry"],"_links":{"self":[{"href":"https:\/\/www.mangelsmestre.com\/main\/wp-json\/wp\/v2\/pages\/17","targetHints":{"allow":["GET"]}}],"collection":[{"href":"https:\/\/www.mangelsmestre.com\/main\/wp-json\/wp\/v2\/pages"}],"about":[{"href":"https:\/\/www.mangelsmestre.com\/main\/wp-json\/wp\/v2\/types\/page"}],"author":[{"embeddable":true,"href":"https:\/\/www.mangelsmestre.com\/main\/wp-json\/wp\/v2\/users\/1"}],"replies":[{"embeddable":true,"href":"https:\/\/www.mangelsmestre.com\/main\/wp-json\/wp\/v2\/comments?post=17"}],"version-history":[{"count":20,"href":"https:\/\/www.mangelsmestre.com\/main\/wp-json\/wp\/v2\/pages\/17\/revisions"}],"predecessor-version":[{"id":5508,"href":"https:\/\/www.mangelsmestre.com\/main\/wp-json\/wp\/v2\/pages\/17\/revisions\/5508"}],"wp:featuredmedia":[{"embeddable":true,"href":"https:\/\/www.mangelsmestre.com\/main\/wp-json\/wp\/v2\/media\/1856"}],"wp:attachment":[{"href":"https:\/\/www.mangelsmestre.com\/main\/wp-json\/wp\/v2\/media?parent=17"}],"curies":[{"name":"wp","href":"https:\/\/api.w.org\/{rel}","templated":true}]}}