{"id":5,"date":"2017-01-02T08:28:52","date_gmt":"2017-01-02T08:28:52","guid":{"rendered":"https:\/\/demo.themegrill.com\/flash-default-2\/?page_id=5"},"modified":"2024-06-04T11:53:37","modified_gmt":"2024-06-04T09:53:37","slug":"home","status":"publish","type":"page","link":"https:\/\/www.mangelsmestre.com\/main\/","title":{"rendered":"Home"},"content":{"rendered":"<div id=\"pl-5\"  class=\"panel-layout\" ><div id=\"pg-5-0\"  class=\"panel-grid panel-has-style\" ><div class=\"siteorigin-panels-stretch panel-row-style panel-row-style-for-5-0\" data-stretch-type=\"full-width-stretch\" ><div id=\"pgc-5-0-0\"  class=\"panel-grid-cell\" ><div id=\"panel-5-0-0-0\" class=\"so-panel widget widget_themegrill_flash_slider tg-section tg-slider-widget panel-first-child panel-last-child\" data-index=\"0\" ><div class=\"tg-slider-widget slider-light slider-content-center slider-control-center full-width\">\n\t<div class=\"swiper-container\">\n\t\t<div class=\"swiper-wrapper\">\n\t\t\t\n\t\t\t\t\t<div class=\"swiper-slide\">\n\t\t\t\t\t\t<figure class=\"slider-image\" >\n\t\t\t\t\t\t\t<img width=\"2560\" height=\"1008\"\t\t\t\t\t\t\t\t\tsrc=\"https:\/\/www.mangelsmestre.com\/main\/wp-content\/uploads\/sites\/4\/2024\/06\/IMAGEN-HOMEia-scaled.jpg\"\n\t\t\t\t\t\t\t\t\talt=\"Fibromialgia y SFC. Yo la he ganado, t\u00fa tambi\u00e9n puedes\"\n\t\t\t\t\t\t\t\t\ttitle=\"Fibromialgia y SFC. Yo la he ganado, t\u00fa tambi\u00e9n puedes\"\/>\n\t\t\t\t\t\t\t<div class=\"overlay\"><\/div>\n\t\t\t\t\t\t<\/figure>\n\t\t\t\t\t\t<div class=\"slider-content\">\n\t\t\t\t\t\t\t<div class=\"tg-container\">\n\t\t\t\t\t\t\t\t<div class=\"caption-title\">Fibromialgia y SFC. Yo la he ganado, t\u00fa tambi\u00e9n puedes<\/div>\n\t\t\t\t\t\t\t\t<div class=\"caption-desc\"><\/div>\n\t\t\t\t\t\t\t\t\t\t\t\t\t\t\t\t\t<div class=\"btn-wrapper\">\n\t\t\t\t\t\t\t\t\t\t<a href=\"http:\/\/www.mangelsmestre.com\/main\/adquirir-libros\/\">Descargar ahora<\/a>\n\t\t\t\t\t\t\t\t\t<\/div>\n\t\t\t\t\t\t\t\t\t\t\t\t\t\t\t<\/div>\n\t\t\t\t\t\t<\/div>\n\t\t\t\t\t<\/div>\n\n\t\t\t\t\n\t\t\t\t\t<div class=\"swiper-slide\">\n\t\t\t\t\t\t<figure class=\"slider-image\" >\n\t\t\t\t\t\t\t<img  \t\t\t\t\t\t\t\t\tsrc=\"http:\/\/www.mangelsmestre.com\/wp-content\/uploads\/sites\/4\/2019\/04\/Foto-Home-web_03-1.jpg\"\n\t\t\t\t\t\t\t\t\talt=\"Alcanzar la Salud es posible si haces cambios\"\n\t\t\t\t\t\t\t\t\ttitle=\"Alcanzar la Salud es posible si haces cambios\"\/>\n\t\t\t\t\t\t\t<div class=\"overlay\"><\/div>\n\t\t\t\t\t\t<\/figure>\n\t\t\t\t\t\t<div class=\"slider-content\">\n\t\t\t\t\t\t\t<div class=\"tg-container\">\n\t\t\t\t\t\t\t\t<div class=\"caption-title\">Alcanzar la Salud es posible si haces cambios<\/div>\n\t\t\t\t\t\t\t\t<div class=\"caption-desc\"><\/div>\n\t\t\t\t\t\t\t\t\t\t\t\t\t\t\t\t\t<div class=\"btn-wrapper\">\n\t\t\t\t\t\t\t\t\t\t<a href=\"http:\/\/www.mangelsmestre.com\/main\/blog\/\">Quiero saber m\u00e1s<\/a>\n\t\t\t\t\t\t\t\t\t<\/div>\n\t\t\t\t\t\t\t\t\t\t\t\t\t\t\t<\/div>\n\t\t\t\t\t\t<\/div>\n\t\t\t\t\t<\/div>\n\n\t\t\t\t\n\t\t\t\t\t<div class=\"swiper-slide\">\n\t\t\t\t\t\t<figure class=\"slider-image\" >\n\t\t\t\t\t\t\t<img  \t\t\t\t\t\t\t\t\tsrc=\"http:\/\/www.mangelsmestre.com\/wp-content\/uploads\/sites\/4\/2019\/04\/Aquarel\u00b7la-Ma\u00c0ngelsMestreLlugany-1.jpg\"\n\t\t\t\t\t\t\t\t\talt=\"La naturaleza es tu aliada para sanar\"\n\t\t\t\t\t\t\t\t\ttitle=\"La naturaleza es tu aliada para sanar\"\/>\n\t\t\t\t\t\t\t<div class=\"overlay\"><\/div>\n\t\t\t\t\t\t<\/figure>\n\t\t\t\t\t\t<div class=\"slider-content\">\n\t\t\t\t\t\t\t<div class=\"tg-container\">\n\t\t\t\t\t\t\t\t<div class=\"caption-title\">La naturaleza es tu aliada para sanar<\/div>\n\t\t\t\t\t\t\t\t<div class=\"caption-desc\"><\/div>\n\t\t\t\t\t\t\t\t\t\t\t\t\t\t\t\t\t<div class=\"btn-wrapper\">\n\t\t\t\t\t\t\t\t\t\t<a href=\"http:\/\/www.mangelsmestre.com\/main\/preguntas-frecuentes\/\">Descubrir los cambios<\/a>\n\t\t\t\t\t\t\t\t\t<\/div>\n\t\t\t\t\t\t\t\t\t\t\t\t\t\t\t<\/div>\n\t\t\t\t\t\t<\/div>\n\t\t\t\t\t<\/div>\n\n\t\t\t\t\t\t<\/div>\n\t\t<div class=\"swiper-pagination\"><\/div>\n\t\t<div class=\"slider-arrow\">\n\t\t\t<div class=\"swiper-button-next\"><\/div>\n\t\t\t<div class=\"swiper-button-prev\"><\/div>\n\t\t<\/div>\n\t<\/div>\n<\/div>\n<\/div><\/div><\/div><\/div><div id=\"pg-5-1\"  class=\"panel-grid panel-no-style\" ><div id=\"pgc-5-1-0\"  class=\"panel-grid-cell\" ><div id=\"panel-5-1-0-0\" class=\"widget_text so-panel widget widget_custom_html panel-first-child panel-last-child\" data-index=\"1\" ><div class=\"textwidget custom-html-widget\">\u00a0<\/div><\/div><\/div><\/div><div id=\"pg-5-2\"  class=\"panel-grid panel-no-style\" ><div id=\"pgc-5-2-0\"  class=\"panel-grid-cell\" ><div id=\"panel-5-2-0-0\" class=\"so-panel widget widget_themegrill_flash_heading tg-widget section-title-wrapper panel-first-child\" data-index=\"2\" >\t<h3 class=\"section-title\">Fibromialgia y SFC. Yo la he ganado, t\u00fa tambi\u00e9n puedes<\/h3>\n<\/div><div id=\"panel-5-2-0-1\" class=\"so-panel widget widget_text panel-last-child\" data-index=\"3\" >\t\t\t<div class=\"textwidget\"><p>Diagnosticada de fibromialgia y s\u00edndrome de fatiga cr\u00f3nica a los 52 a\u00f1os, <strong>M\u00aa \u00c0ngels Mestre<\/strong>, arquitecta de profesi\u00f3n, hija, hermana y sobrina de m\u00e9dicos, casada y madre de dos hijos, crey\u00f3 que la soluci\u00f3n era encontrar un buen m\u00e9dico que comprendiera la enfermedad, pero despu\u00e9s de frecuentes visitas a m\u00e9dicos y muchos medicamentos con efectos secundarios, se dio cuenta de que este no era el camino. Gracias a varias terapias dentro de la medicina hol\u00edstica y a muchos cambios: una nueva actitud, cambio de estilo de vida, de h\u00e1bitos, de alimentaci\u00f3n, de estructura psicol\u00f3gica, de relaci\u00f3n con el entorno, y un trabajo interno, es hoy una mujer que ha recuperado la salud.<br \/>La medicina convencional oficial ha reconocido que est\u00e1 \u201casintom\u00e1tica\u201d, es decir, sin ning\u00fan s\u00edntoma de la enfermedad<\/p>\n<\/div>\n\t\t<\/div><\/div><\/div><div id=\"pg-5-3\"  class=\"panel-grid panel-no-style\" ><div id=\"pgc-5-3-0\"  class=\"panel-grid-cell\" ><div id=\"panel-5-3-0-0\" class=\"so-panel widget widget_themegrill_flash_heading tg-widget section-title-wrapper panel-first-child panel-last-child\" data-index=\"4\" >\t<h3 class=\"section-title\">Post destacados<\/h3>\n<\/div><\/div><\/div><div id=\"pg-5-4\"  class=\"panel-grid panel-has-style\" ><div class=\"panel-row-style panel-row-style-for-5-4\" ><div id=\"pgc-5-4-0\"  class=\"panel-grid-cell\" ><div id=\"panel-5-4-0-0\" class=\"so-panel widget widget_themegrill_flash_service tg-widget tg-single-service panel-first-child\" data-index=\"5\" ><div class=\"panel-widget-style panel-widget-style-for-5-4-0-0\" >\n<div class=\"tg-service-widget tg-service-layout-1\">\n\t<div class=\"service-wrapper\">\n\t\t<div class=\"service-icon-title-wrapper clearfix\">\n\t\t\t\t\t\t<div class=\"service-icon-wrap\"><i class=\"fa fa-book\"><\/i><\/div>\n\t\t\t\t\t\t\t\t\t\t\t\t<h3 class=\"service-title-wrap\">\n\t\t\t\t\t\t\t\t<a href=\"http:\/\/www.mangelsmestre.com\/main\/blog\/sintesis-de-dieta-macrobiotica-basica\/\">\n\t\t\t\tS\u00edntesis de la dieta Macrobi\u00f3tica B\u00e1sica\t\t\t\t\t\t\t\t<\/a>\n\t\t\t\t\t\t\t<\/h3>\n\t\t\t\t\t<\/div>\n\t\t\t\t<div class=\"service-content-wrap\">Emprender el camino hacia la Salud comienza por un cambio de h\u00e1bitos, sobre todo de la alimentaci\u00f3n. \u00bfC\u00f3mo iniciarlo?<\/div>\n\t\t\t\t\t\t<a class=\"service-more\" href=\"http:\/\/www.mangelsmestre.com\/main\/blog\/sintesis-de-dieta-macrobiotica-basica\/\">Leer m\u00e1s<\/a>\n\t\t\t<\/div>\n<\/div>\n<\/div><\/div><div id=\"panel-5-4-0-1\" class=\"so-panel widget widget_themegrill_flash_service tg-widget tg-single-service panel-last-child\" data-index=\"6\" ><div class=\"panel-widget-style panel-widget-style-for-5-4-0-1\" >\n<div class=\"tg-service-widget tg-service-layout-1\">\n\t<div class=\"service-wrapper\">\n\t\t<div class=\"service-icon-title-wrapper clearfix\">\n\t\t\t\t\t\t<div class=\"service-icon-wrap\"><i class=\"fa fa-book\"><\/i><\/div>\n\t\t\t\t\t\t\t\t\t\t\t\t<h3 class=\"service-title-wrap\">\n\t\t\t\t\t\t\t\t<a href=\"http:\/\/www.mangelsmestre.com\/main\/blog\/balneario-en-casa-para-la-fibromialgia-cancer\/\">\n\t\t\t\tBalneario en casa para la fibromialgia, c\u00e1ncer\u2026\t\t\t\t\t\t\t\t<\/a>\n\t\t\t\t\t\t\t<\/h3>\n\t\t\t\t\t<\/div>\n\t\t\t\t<div class=\"service-content-wrap\">Ba\u00f1arte semanalmente en agua caliente con sal marina gruesa te ayuda a eliminar t\u00f3xicos y a alcalinizarte. Descubre c\u00f3mo puedes crear en casa tu propio balneario de talasoterapia.<\/div>\n\t\t\t\t\t\t<a class=\"service-more\" href=\"http:\/\/www.mangelsmestre.com\/main\/blog\/balneario-en-casa-para-la-fibromialgia-cancer\/\">Leer m\u00e1s<\/a>\n\t\t\t<\/div>\n<\/div>\n<\/div><\/div><\/div><div id=\"pgc-5-4-1\"  class=\"panel-grid-cell\" ><div id=\"panel-5-4-1-0\" class=\"so-panel widget widget_themegrill_flash_service tg-widget tg-single-service panel-first-child\" data-index=\"7\" ><div class=\"panel-widget-style panel-widget-style-for-5-4-1-0\" >\n<div class=\"tg-service-widget tg-service-layout-1\">\n\t<div class=\"service-wrapper\">\n\t\t<div class=\"service-icon-title-wrapper clearfix\">\n\t\t\t\t\t\t<div class=\"service-icon-wrap\"><i class=\"fa fa-book\"><\/i><\/div>\n\t\t\t\t\t\t\t\t\t\t\t\t<h3 class=\"service-title-wrap\">\n\t\t\t\t\t\t\t\t<a href=\"http:\/\/www.mangelsmestre.com\/main\/blog\/el-mar-todo-lo-cura\/\">\n\t\t\t\tEl mar todo lo cura\t\t\t\t\t\t\t\t<\/a>\n\t\t\t\t\t\t\t<\/h3>\n\t\t\t\t\t<\/div>\n\t\t\t\t<div class=\"service-content-wrap\">\"El mar todo lo cura\" dec\u00eda Hip\u00f3crates. \u00bfSabes que el agua de mar te da salud? Te explico por qu\u00e9 y c\u00f3mo tomarla.<\/div>\n\t\t\t\t\t\t<a class=\"service-more\" href=\"http:\/\/www.mangelsmestre.com\/main\/blog\/el-mar-todo-lo-cura\/\">Leer m\u00e1s<\/a>\n\t\t\t<\/div>\n<\/div>\n<\/div><\/div><div id=\"panel-5-4-1-1\" class=\"so-panel widget widget_themegrill_flash_service tg-widget tg-single-service panel-last-child\" data-index=\"8\" ><div class=\"panel-widget-style panel-widget-style-for-5-4-1-1\" >\n<div class=\"tg-service-widget tg-service-layout-1\">\n\t<div class=\"service-wrapper\">\n\t\t<div class=\"service-icon-title-wrapper clearfix\">\n\t\t\t\t\t\t<div class=\"service-icon-wrap\"><i class=\"fa fa-book\"><\/i><\/div>\n\t\t\t\t\t\t\t\t\t\t\t\t<h3 class=\"service-title-wrap\">\n\t\t\t\t\t\t\t\t<a href=\"http:\/\/www.mangelsmestre.com\/main\/blog\/contaminacion-electromagnetica\/\">\n\t\t\t\tContaminaci\u00f3n electromagn\u00e9tica\t\t\t\t\t\t\t\t<\/a>\n\t\t\t\t\t\t\t<\/h3>\n\t\t\t\t\t<\/div>\n\t\t\t\t<div class=\"service-content-wrap\">La fibromialgia y la hipersensibilidad electromagn\u00e9tica comparten un sistema inmune deficitario y un estr\u00e9s oxidativo. Lo que s\u00ed les diferencia es que en la hipersensibilidad electromagn\u00e9tica disminuyen los s\u00edntomas cuando el enfermo se aleja de la fuente que los genera.<\/div>\n\t\t\t\t\t\t<a class=\"service-more\" href=\"http:\/\/www.mangelsmestre.com\/main\/blog\/contaminacion-electromagnetica\/\">Leer m\u00e1s<\/a>\n\t\t\t<\/div>\n<\/div>\n<\/div><\/div><\/div><\/div><\/div><div id=\"pg-5-5\"  class=\"panel-grid panel-has-style\" ><div class=\"siteorigin-panels-stretch panel-row-style panel-row-style-for-5-5\" data-stretch-type=\"full\" ><div id=\"pgc-5-5-0\"  class=\"panel-grid-cell\" ><div id=\"panel-5-5-0-0\" class=\"so-panel widget widget_themegrill_flash_heading tg-widget section-title-wrapper panel-first-child panel-last-child\" data-index=\"9\" >\t<h3 class=\"section-title\">LIBROS<\/h3>\n\t<div class=\"section-description\">Clicka en la imagen para adquirir los libros.<\/div>\n<\/div><\/div><\/div><\/div><div id=\"pg-5-6\"  class=\"panel-grid panel-has-style\" ><div class=\"siteorigin-panels-stretch panel-row-style panel-row-style-for-5-6\" data-stretch-type=\"full\" ><div id=\"pgc-5-6-0\"  class=\"panel-grid-cell\" ><div id=\"panel-5-6-0-0\" class=\"so-panel widget widget_themegrill_flash_team tg-widget tg-single-team panel-first-child\" data-index=\"10\" ><div class=\"tg-team-widget tg-team-layout-1\">\n\t<div class=\"team-wrapper\">\n\t\t\t\t<div class=\"team-img\">\n\t\t\t\t\t\t<img decoding=\"async\" src=\"https:\/\/www.mangelsmestre.com\/main\/wp-content\/uploads\/sites\/4\/2024\/06\/Portada41.png\" alt=\"ECH\u00caRIEL VIA HACIA LA ASCENSI\u00d3N\"\/>\n\t\t<\/div>\n\t\t\t\t<div class=\"team-content-wrapper\">\n\t\t\t<div class=\"team-desc-wrapper\">\n\t\t\t\t<h3 class=\"team-title\">ECH\u00caRIEL VIA HACIA LA ASCENSI\u00d3N<\/h3>\n\t\t\t\t<div class=\"team-designation\"><\/div>\n\t\t\t\t<div class=\"team-content\">Un hilo conductor para comprender el sentido de la vida<\/div>\n\t\t\t\t\t\t\t<\/div>\n\t\t<\/div>\n\t<\/div>\n<\/div>\n<\/div><div id=\"panel-5-6-0-1\" class=\"so-panel widget widget_themegrill_flash_team tg-widget tg-single-team\" data-index=\"11\" ><div class=\"tg-team-widget tg-team-layout-1\">\n\t<div class=\"team-wrapper\">\n\t\t\t\t<div class=\"team-img\">\n\t\t\t\t\t\t<img decoding=\"async\" src=\"http:\/\/www.mangelsmestre.com\/wp-content\/uploads\/sites\/4\/2014\/07\/Portada-ebook-Recetas-Macrobi\u00f3ticas-para-la-Salud.jpg\" alt=\"Recetas macrobi\u00f3ticas para la Salud\"\/>\n\t\t<\/div>\n\t\t\t\t<div class=\"team-content-wrapper\">\n\t\t\t<div class=\"team-desc-wrapper\">\n\t\t\t\t<h3 class=\"team-title\">Recetas macrobi\u00f3ticas para la Salud<\/h3>\n\t\t\t\t<div class=\"team-designation\"><\/div>\n\t\t\t\t<div class=\"team-content\">Descubre recetas muy sencillas para transformar tu vida y alcanzar la salud completa<\/div>\n\t\t\t\t\t\t\t<\/div>\n\t\t<\/div>\n\t<\/div>\n<\/div>\n<\/div><div id=\"panel-5-6-0-2\" class=\"so-panel widget widget_themegrill_flash_team tg-widget tg-single-team panel-last-child\" data-index=\"12\" ><div class=\"tg-team-widget tg-team-layout-1\">\n\t<div class=\"team-wrapper\">\n\t\t\t\t<div class=\"team-img\">\n\t\t\t\t\t\t<img decoding=\"async\" src=\"http:\/\/www.mangelsmestre.com\/main\/wp-content\/uploads\/sites\/4\/2019\/10\/alimentacion-4.jpg\" alt=\"Actuar en el C\u00e1ncer desde una visi\u00f3n global\"\/>\n\t\t<\/div>\n\t\t\t\t<div class=\"team-content-wrapper\">\n\t\t\t<div class=\"team-desc-wrapper\">\n\t\t\t\t<h3 class=\"team-title\">Actuar en el C\u00e1ncer desde una visi\u00f3n global<\/h3>\n\t\t\t\t<div class=\"team-designation\"><\/div>\n\t\t\t\t<div class=\"team-content\">Si cambias tu alimentaci\u00f3n, tu cuerpo se regenera. \u00a1Compru\u00e9balo!<\/div>\n\t\t\t\t\t\t\t<\/div>\n\t\t<\/div>\n\t<\/div>\n<\/div>\n<\/div><\/div><div id=\"pgc-5-6-1\"  class=\"panel-grid-cell\" ><div id=\"panel-5-6-1-0\" class=\"so-panel widget widget_themegrill_flash_team tg-widget tg-single-team panel-first-child\" data-index=\"13\" ><div class=\"tg-team-widget tg-team-layout-1\">\n\t<div class=\"team-wrapper\">\n\t\t\t\t<div class=\"team-img\">\n\t\t\t\t\t\t<img decoding=\"async\" src=\"http:\/\/www.mangelsmestre.com\/wp-content\/uploads\/sites\/4\/2018\/11\/despierta-1.jpg\" alt=\"Despierta!!! Busca la Verdad\"\/>\n\t\t<\/div>\n\t\t\t\t<div class=\"team-content-wrapper\">\n\t\t\t<div class=\"team-desc-wrapper\">\n\t\t\t\t<h3 class=\"team-title\">Despierta!!! Busca la Verdad<\/h3>\n\t\t\t\t<div class=\"team-designation\"><\/div>\n\t\t\t\t<div class=\"team-content\">Una mentira repetida 1000 veces se convierte en verdad, pero contin\u00faa siendo mentira.<\/div>\n\t\t\t\t\t\t\t<\/div>\n\t\t<\/div>\n\t<\/div>\n<\/div>\n<\/div><div id=\"panel-5-6-1-1\" class=\"so-panel widget widget_themegrill_flash_team tg-widget tg-single-team panel-last-child\" data-index=\"14\" ><div class=\"tg-team-widget tg-team-layout-1\">\n\t<div class=\"team-wrapper\">\n\t\t\t\t<div class=\"team-img\">\n\t\t\t\t\t\t<img decoding=\"async\" src=\"http:\/\/www.mangelsmestre.com\/wp-content\/uploads\/sites\/4\/2014\/07\/hablemos11-1.jpg\" alt=\"Hablemos de fibromialgia\"\/>\n\t\t<\/div>\n\t\t\t\t<div class=\"team-content-wrapper\">\n\t\t\t<div class=\"team-desc-wrapper\">\n\t\t\t\t<h3 class=\"team-title\">Hablemos de fibromialgia<\/h3>\n\t\t\t\t<div class=\"team-designation\"><\/div>\n\t\t\t\t<div class=\"team-content\">Si quieres comprender esta enfermedad y superarla, comienza con este libro.<\/div>\n\t\t\t\t\t\t\t<\/div>\n\t\t<\/div>\n\t<\/div>\n<\/div>\n<\/div><\/div><div id=\"pgc-5-6-2\"  class=\"panel-grid-cell\" ><div id=\"panel-5-6-2-0\" class=\"so-panel widget widget_themegrill_flash_team tg-widget tg-single-team panel-first-child\" data-index=\"15\" ><div class=\"tg-team-widget tg-team-layout-1\">\n\t<div class=\"team-wrapper\">\n\t\t\t\t<div class=\"team-img\">\n\t\t\t\t\t\t<img decoding=\"async\" src=\"http:\/\/www.mangelsmestre.com\/wp-content\/uploads\/sites\/4\/2014\/07\/metodo-1.jpg\" alt=\"M\u00e9todo Mestre\"\/>\n\t\t<\/div>\n\t\t\t\t<div class=\"team-content-wrapper\">\n\t\t\t<div class=\"team-desc-wrapper\">\n\t\t\t\t<h3 class=\"team-title\">M\u00e9todo Mestre<\/h3>\n\t\t\t\t<div class=\"team-designation\"><\/div>\n\t\t\t\t<div class=\"team-content\">Si quieres seguir un m\u00e9todo hol\u00edstico para sanar, este te ayudar\u00e1. <\/div>\n\t\t\t\t\t\t\t<\/div>\n\t\t<\/div>\n\t<\/div>\n<\/div>\n<\/div><div id=\"panel-5-6-2-1\" class=\"so-panel widget widget_themegrill_flash_team tg-widget tg-single-team panel-last-child\" data-index=\"16\" ><div class=\"tg-team-widget tg-team-layout-1\">\n\t<div class=\"team-wrapper\">\n\t\t\t\t<div class=\"team-img\">\n\t\t\t\t\t\t<img decoding=\"async\" src=\"http:\/\/www.mangelsmestre.com\/wp-content\/uploads\/sites\/4\/2014\/07\/delafibro11-1.jpg\" alt=\"De la fibromialgia a la Salud\"\/>\n\t\t<\/div>\n\t\t\t\t<div class=\"team-content-wrapper\">\n\t\t\t<div class=\"team-desc-wrapper\">\n\t\t\t\t<h3 class=\"team-title\">De la fibromialgia a la Salud<\/h3>\n\t\t\t\t<div class=\"team-designation\"><\/div>\n\t\t\t\t<div class=\"team-content\">Si contin\u00faas con la vida de siempre, no puedes sanar. \u00a1Haz cambios! Emprende el camino hacia la Salud. <\/div>\n\t\t\t\t\t\t\t<\/div>\n\t\t<\/div>\n\t<\/div>\n<\/div>\n<\/div><\/div><\/div><\/div><div id=\"pg-5-7\"  class=\"panel-grid panel-has-style\" ><div class=\"so-parallax siteorigin-panels-stretch panel-row-style panel-row-style-for-5-7\" data-stretch-type=\"full-width-stretch\" ><img fetchpriority=\"high\" decoding=\"async\" width=\"1920\" height=\"1000\" src=\"https:\/\/www.mangelsmestre.com\/main\/wp-content\/uploads\/sites\/4\/2017\/01\/CALL-TO-ACTION-1.jpg\" class=\"attachment-full size-full\" alt=\"\" data-siteorigin-parallax=\"true\" loading=\"eager\" srcset=\"https:\/\/www.mangelsmestre.com\/main\/wp-content\/uploads\/sites\/4\/2017\/01\/CALL-TO-ACTION-1.jpg 1920w, https:\/\/www.mangelsmestre.com\/main\/wp-content\/uploads\/sites\/4\/2017\/01\/CALL-TO-ACTION-1-300x156.jpg 300w, https:\/\/www.mangelsmestre.com\/main\/wp-content\/uploads\/sites\/4\/2017\/01\/CALL-TO-ACTION-1-768x400.jpg 768w, https:\/\/www.mangelsmestre.com\/main\/wp-content\/uploads\/sites\/4\/2017\/01\/CALL-TO-ACTION-1-1024x533.jpg 1024w, https:\/\/www.mangelsmestre.com\/main\/wp-content\/uploads\/sites\/4\/2017\/01\/CALL-TO-ACTION-1-600x313.jpg 600w\" sizes=\"(max-width: 1920px) 100vw, 1920px\" \/><div id=\"pgc-5-7-0\"  class=\"panel-grid-cell\" ><div id=\"panel-5-7-0-0\" class=\"so-panel widget widget_themegrill_flash_cta tg-widget call-to-action-section panel-first-child panel-last-child\" data-index=\"17\" ><div class=\"panel-widget-style panel-widget-style-for-5-7-0-0\" ><div class=\"cta-wrapper call-to-action-section-layout-1\">\n\t<div class=\"section-title-wrapper\">\n\t\t\t\t<h3 class=\"section-title\">Qu\u00e9 es la fibromialgia<\/h3>\n\t\t\t<\/div>\n\t\t<div class=\"btn-wrapper\">\n\t\t\t\t<a class=\"btn\" href=\"http:\/\/www.mangelsmestre.com\/main\/preguntas-frecuentes\/\">Leer m\u00e1s<\/a>\n\t\t\t\t\t<\/div>\n\t<\/div>\n<\/div><\/div><\/div><\/div><\/div><div id=\"pg-5-8\"  class=\"panel-grid panel-has-style\" ><div class=\"siteorigin-panels-stretch panel-row-style panel-row-style-for-5-8\" data-stretch-type=\"full\" ><div id=\"pgc-5-8-0\"  class=\"panel-grid-cell\" ><div id=\"panel-5-8-0-0\" class=\"so-panel widget widget_themegrill_flash_heading tg-widget section-title-wrapper panel-first-child\" data-index=\"18\" >\t<h3 class=\"section-title\">Entrevistas destacadas<\/h3>\n<\/div><div id=\"panel-5-8-0-1\" class=\"so-panel widget widget_themegrill_flash_testimonial tg-section testimonial-section panel-last-child\" data-index=\"19\" ><div class=\"tg-testimonial-widget\">\n\t<div class=\"testimonial-container swiper-container\">\n\t\t<div class=\"testimonial-wrapper swiper-wrapper\">\n\t\t\t\t\t\t<div class=\"testimonial-slide swiper-slide\">\n\t\t\t\t<div class=\"testimonial-content-wrapper\">\n\t\t\t\t\t<div class=\"testimonial-icon\"><i class=\"fa fa-quote-left\"><\/i> <\/div>\n\t\t\t\t\t\t\t\t\t\t<div class=\"testimonial-content\">\u00bfQu\u00e9 es lo primero que deber\u00eda saber una fibromi\u00e1lgica?<br>\nQue su cuerpo est\u00e1 grit\u00e1ndole que hay aspectos de su vida que le conviene cambiar.<br>\n\u00bfEn qu\u00e9 se apoy\u00f3 para este camino?<br>\nEn tratamientos psicoemocionales, homeopat\u00eda, acupuntura, flores de Bach. En la digitopuntura (shiatsu). En la respiraci\u00f3n y en la meditaci\u00f3n guiada. En la visualizaci\u00f3n. Y en una cuidada alimentaci\u00f3n.<\/div>\n\t\t\t\t\t\t\t\t\t<\/div>\n\t\t\t\t<div class=\"testimonial-client-detail\">\n\t\t\t\t\t\t\t\t\t\t<div class=\"client-detail-block\">\n\t\t\t\t\t\t\t\t\t\t\t\t<h3 class=\"testimonial-title\">La Contra La Vanguardia 20-09-2007<\/h3>\n\t\t\t\t\t\t\t\t\t\t\t\t\t\t\t\t\t\t<h4 class=\"testimonial-degicnation\">\u201cEl cuerpo grita que hay que cambiar algo\u201d<\/h4>\n\t\t\t\t\t\t\t\t\t\t\t<\/div>\n\t\t\t\t<\/div>\n\t\t\t<\/div>\n\t\t\t\t\t\t<div class=\"testimonial-slide swiper-slide\">\n\t\t\t\t<div class=\"testimonial-content-wrapper\">\n\t\t\t\t\t<div class=\"testimonial-icon\"><i class=\"fa fa-quote-left\"><\/i> <\/div>\n\t\t\t\t\t\t\t\t\t\t<div class=\"testimonial-content\">Su anhelo de curarse, explica, es lo que le movi\u00f3 a abrir la mente y cambiar la forma de pensar, sentir y actuar. Hab\u00eda perdido las ganas de vivir, ten\u00eda la autoestima por el suelo. El cuerpo \u2013se\u00f1ala\u2013 obedece y enferma\u201d. Por ello indica que para curar el cuerpo hay que cuidar el alma y entender la salud como una globalidad con cinco pilares: espiritual, mental, emocional, bioenerg\u00e9tico y f\u00edsico. La alimentaci\u00f3n se convierte en la principal medicina.<\/div>\n\t\t\t\t\t\t\t\t\t<\/div>\n\t\t\t\t<div class=\"testimonial-client-detail\">\n\t\t\t\t\t\t\t\t\t\t<div class=\"client-detail-block\">\n\t\t\t\t\t\t\t\t\t\t\t\t<h3 class=\"testimonial-title\">Tendencias La Vanguardia 21-02-2015<\/h3>\n\t\t\t\t\t\t\t\t\t\t\t\t\t\t\t\t\t\t<h4 class=\"testimonial-degicnation\">No esperes a que te curen, hazlo t\u00fa<\/h4>\n\t\t\t\t\t\t\t\t\t\t\t<\/div>\n\t\t\t\t<\/div>\n\t\t\t<\/div>\n\t\t\t\t\t\t<div class=\"testimonial-slide swiper-slide\">\n\t\t\t\t<div class=\"testimonial-content-wrapper\">\n\t\t\t\t\t<div class=\"testimonial-icon\"><i class=\"fa fa-quote-left\"><\/i> <\/div>\n\t\t\t\t\t\t\t\t\t\t<div class=\"testimonial-content\">M\u00aa\u00c0ngels Mestre resume y ordena de forma did\u00e1ctica los principios de esta alimentaci\u00f3n, explica c\u00f3mo se deben cocinar y asegura que sus recetas est\u00e1n sabrosas. En cuanto a la facilidad para comprar estos alimentos, asegura que cada vez hay m\u00e1s tiendas en la ciudad. Los mercados tienen sus puestos ecol\u00f3gicos y se abren nuevos comercios, hay herborister\u00edas en todos los barrios... El libro parte de los principios yin yang en la alimentaci\u00f3n, base de la macrobi\u00f3tica, para buscar los productos que se alejan de los extremos, \u201cque agotan la energ\u00eda y llevan a enfermar\u201d<\/div>\n\t\t\t\t\t\t\t\t\t<\/div>\n\t\t\t\t<div class=\"testimonial-client-detail\">\n\t\t\t\t\t\t\t\t\t\t<div class=\"client-detail-block\">\n\t\t\t\t\t\t\t\t\t\t\t\t<h3 class=\"testimonial-title\">Tendencias La Vanguardia 22-02-2016<\/h3>\n\t\t\t\t\t\t\t\t\t\t\t\t\t\t\t\t\t\t<h4 class=\"testimonial-degicnation\">La Cocina alternativa<\/h4>\n\t\t\t\t\t\t\t\t\t\t\t<\/div>\n\t\t\t\t<\/div>\n\t\t\t<\/div>\n\t\t\t\t\t\t<div class=\"testimonial-slide swiper-slide\">\n\t\t\t\t<div class=\"testimonial-content-wrapper\">\n\t\t\t\t\t<div class=\"testimonial-icon\"><i class=\"fa fa-quote-left\"><\/i> <\/div>\n\t\t\t\t\t\t\t\t\t\t<div class=\"testimonial-content\">La enfermedad me empuj\u00f3 a buscar otras posibilidades, otras verdades, de manera que estudi\u00e9, experiment\u00e9, contrast\u00e9 y pude comprender claramente que la ignorancia es la causa de muchos sufrimientos y desgracias. Este nuevo camino comienza por aprender a dirigir la vida y a desaprender mucha informaci\u00f3n in\u00fatil. Es tanta la informaci\u00f3n err\u00f3nea recibida, es tanta la rigidez adquirida\u2026 La resoluci\u00f3n de la fibromialgia pasa por muchas fases, es necesario un amplio abanico de estrategias y un gran despertar de la conciencia, para darse cuenta de que la forma de entender la vida, a veces, no es la adecuada.<\/div>\n\t\t\t\t\t\t\t\t\t<\/div>\n\t\t\t\t<div class=\"testimonial-client-detail\">\n\t\t\t\t\t\t\t\t\t\t<div class=\"client-detail-block\">\n\t\t\t\t\t\t\t\t\t\t\t\t<h3 class=\"testimonial-title\">The Ecologist 9-2011<\/h3>\n\t\t\t\t\t\t\t\t\t\t\t\t\t\t\t\t\t\t<h4 class=\"testimonial-degicnation\">Entrevista en BioCultura<\/h4>\n\t\t\t\t\t\t\t\t\t\t\t<\/div>\n\t\t\t\t<\/div>\n\t\t\t<\/div>\n\t\t\t\t\t<\/div>\n\t\t<div class=\"swiper-pagination testimonial-pager\"><\/div>\n\t<\/div>\n<\/div>\n<\/div><\/div><\/div><\/div><div id=\"pg-5-9\"  class=\"panel-grid panel-has-style\" ><div class=\"panel-row-style panel-row-style-for-5-9\" ><div id=\"pgc-5-9-0\"  class=\"panel-grid-cell\" ><div id=\"panel-5-9-0-0\" class=\"so-panel widget widget_themegrill_flash_heading tg-widget section-title-wrapper panel-first-child\" data-index=\"20\" >\t<h3 class=\"section-title\">Blog<\/h3>\n\t<div class=\"section-description\">Consulta las ultimas novedades<\/div>\n<\/div><div id=\"panel-5-9-0-1\" class=\"so-panel widget widget_themegrill_flash_blog tg-widget blog-section panel-last-child\" data-index=\"21\" >\n<div class=\"blog-wrapper tg-column-wrapper tg-blog-widget-layout-2\">\n\t\t<div class=\"tg-blog-widget tg-column-3\">\n\t\t\t\t<div class=\"post-image \">\n\t\t\t<figure><a href=\"https:\/\/www.mangelsmestre.com\/main\/vocabulario-hiperboreo\/\" title=\"Vocabulario Hiperb\u00f3reo y Anexo: Figuras\"><img loading=\"lazy\" decoding=\"async\" width=\"370\" height=\"270\" src=\"https:\/\/www.mangelsmestre.com\/main\/wp-content\/uploads\/sites\/4\/2025\/07\/Arbol-370x270.jpg\" class=\"attachment-flash-grid size-flash-grid wp-post-image\" alt=\"\" \/><\/a><\/figure>\t\t\t<span class=\"entry-date\">\n\t\t\t\t<i class=\"fa fa-clock-o\"><\/i><a href=\"https:\/\/www.mangelsmestre.com\/main\/vocabulario-hiperboreo\/\" rel=\"bookmark\">20 enero, 2026<\/a>\n\t\t\t<\/span>\n\t\t\t\t\t<\/div>\n\t\t<div class=\"blog-content\">\n\t\t\t<h3 class=\"entry-title\"><a href=\"https:\/\/www.mangelsmestre.com\/main\/vocabulario-hiperboreo\/\">Vocabulario Hiperb\u00f3reo y Anexo: Figuras<\/a><\/h3>\n\t\t\t\t\t\t<div class=\"entry-summary\">\n\t\t\t\t<p>En proceso de desarrollo &nbsp; La Sabidur\u00eda Hiperb\u00f3rea nos brinda un conocimiento milenario ilimitado en el que no interviene la [&hellip;]<\/p>\n\t\t\t<\/div>\n\t\t\t\t\t\t<div class=\"read-more-container\">\n\t\t\t\t<span class=\"entry-author\">\n\t\t\t\t\t<i class=\"fa fa-user\"><\/i><a class=\"url fn n\" href=\"https:\/\/www.mangelsmestre.com\/main\/author\/mestre\/\">mestre<\/a>\n\t\t\t\t<\/span>\n\t\t\t\t<div class=\"read-more\">\n\t\t\t\t\t<a href=\"https:\/\/www.mangelsmestre.com\/main\/vocabulario-hiperboreo\/\">Read More<\/a>\n\t\t\t\t<\/div>\n\t\t\t<\/div>\n\t\t\t\t\t<\/div>\n\t<\/div>\n\t\t<div class=\"tg-blog-widget tg-column-3\">\n\t\t\t\t<div class=\"post-image image-none\">\n\t\t\t\t\t\t<span class=\"entry-date\">\n\t\t\t\t<i class=\"fa fa-clock-o\"><\/i><a href=\"https:\/\/www.mangelsmestre.com\/main\/sabiduria-hiperborea-jose-maria-herrou-aragon\/\" rel=\"bookmark\">9 marzo, 2025<\/a>\n\t\t\t<\/span>\n\t\t\t\t\t<\/div>\n\t\t<div class=\"blog-content\">\n\t\t\t<h3 class=\"entry-title\"><a href=\"https:\/\/www.mangelsmestre.com\/main\/sabiduria-hiperborea-jose-maria-herrou-aragon\/\">Sabidur\u00eda Hiperb\u00f3rea Jos\u00e9 Mar\u00eda Herrou Arag\u00f3n<\/a><\/h3>\n\t\t\t\t\t\t<div class=\"entry-summary\">\n\t\t\t\t<p><\/p>\n\t\t\t<\/div>\n\t\t\t\t\t\t<div class=\"read-more-container\">\n\t\t\t\t<span class=\"entry-author\">\n\t\t\t\t\t<i class=\"fa fa-user\"><\/i><a class=\"url fn n\" href=\"https:\/\/www.mangelsmestre.com\/main\/author\/mestre\/\">mestre<\/a>\n\t\t\t\t<\/span>\n\t\t\t\t<div class=\"read-more\">\n\t\t\t\t\t<a href=\"https:\/\/www.mangelsmestre.com\/main\/sabiduria-hiperborea-jose-maria-herrou-aragon\/\">Read More<\/a>\n\t\t\t\t<\/div>\n\t\t\t<\/div>\n\t\t\t\t\t<\/div>\n\t<\/div>\n\t\t<div class=\"tg-blog-widget tg-column-3\">\n\t\t\t\t<div class=\"post-image \">\n\t\t\t<figure><a href=\"https:\/\/www.mangelsmestre.com\/main\/entrevista-de-miguel-celades-a-laura-ferro-despertad\/\" title=\"Entrevista de Miguel Celades a Laura Ferro: \u00a1Despertad!\"><img loading=\"lazy\" decoding=\"async\" width=\"370\" height=\"270\" src=\"https:\/\/www.mangelsmestre.com\/main\/wp-content\/uploads\/sites\/4\/2024\/12\/Captura-de-pantalla-2024-12-05-102640-370x270.png\" class=\"attachment-flash-grid size-flash-grid wp-post-image\" alt=\"\" \/><\/a><\/figure>\t\t\t<span class=\"entry-date\">\n\t\t\t\t<i class=\"fa fa-clock-o\"><\/i><a href=\"https:\/\/www.mangelsmestre.com\/main\/entrevista-de-miguel-celades-a-laura-ferro-despertad\/\" rel=\"bookmark\">5 diciembre, 2024<\/a>\n\t\t\t<\/span>\n\t\t\t\t\t<\/div>\n\t\t<div class=\"blog-content\">\n\t\t\t<h3 class=\"entry-title\"><a href=\"https:\/\/www.mangelsmestre.com\/main\/entrevista-de-miguel-celades-a-laura-ferro-despertad\/\">Entrevista de Miguel Celades a Laura Ferro: \u00a1Despertad!<\/a><\/h3>\n\t\t\t\t\t\t<div class=\"entry-summary\">\n\t\t\t\t<p>Para ver la entrevista a Laura Ferro, enlaza con su Canal de Youtube: https:\/\/youtu.be\/0eao3iENolg?si=ouq_1MP30KOVm6Jy &nbsp;<\/p>\n\t\t\t<\/div>\n\t\t\t\t\t\t<div class=\"read-more-container\">\n\t\t\t\t<span class=\"entry-author\">\n\t\t\t\t\t<i class=\"fa fa-user\"><\/i><a class=\"url fn n\" href=\"https:\/\/www.mangelsmestre.com\/main\/author\/mestre\/\">mestre<\/a>\n\t\t\t\t<\/span>\n\t\t\t\t<div class=\"read-more\">\n\t\t\t\t\t<a href=\"https:\/\/www.mangelsmestre.com\/main\/entrevista-de-miguel-celades-a-laura-ferro-despertad\/\">Read More<\/a>\n\t\t\t\t<\/div>\n\t\t\t<\/div>\n\t\t\t\t\t<\/div>\n\t<\/div>\n\t<\/div><!-- .blog-wrapper -->\n<\/div><\/div><\/div><\/div><div id=\"pg-5-10\"  class=\"panel-grid panel-no-style\" ><div id=\"pgc-5-10-0\"  class=\"panel-grid-cell\" ><div id=\"panel-5-10-0-0\" class=\"widget_text so-panel widget widget_custom_html panel-first-child panel-last-child\" data-index=\"22\" ><h3 class=\"widget-title\">jQuery 3<\/h3><div class=\"textwidget custom-html-widget\"><script>\n\tjQuery(\"img[src*='hablemos']\").css(\"cursor\",\"pointer\").click(function( event ) { event.preventDefault();\n\t\twindow.open('http:\/\/www.mangelsmestre.com\/descargas\/hablemos_de_fibromialgia.html');\n\t\tconsole.log(\"Link : http:\/\/www.mangelsmestre.com\/descargas\/hablemos_de_fibromialgia.html\");\n\t});\n\tjQuery(\"img[src*='delafibro']\").css(\"cursor\",\"pointer\").click(function( event ) { event.preventDefault();\n\t\twindow.open('http:\/\/www.mangelsmestre.com\/descargas\/de_la_fibromialgia_a_la_salud.html');\n\t\tconsole.log(\"Link : http:\/\/www.mangelsmestre.com\/descargas\/de_la_fibromialgia_a_la_salud.html\");\n\t});\n\tjQuery(\"img[src*='alimentacion-']\").css(\"cursor\",\"pointer\").click(function( event ) { event.preventDefault();\n\t\twindow.open('http:\/\/www.mangelsmestre.com\/descargas\/vision_global.html');\n\t\tconsole.log(\"Link : http:\/\/www.mangelsmestre.com\/descargas\/vision_global.html\");\n\t});\n\tjQuery(\"img[src*='metodo-']\").css(\"cursor\",\"pointer\").click(function( event ) { event.preventDefault();\n\t\twindow.open('http:\/\/www.mangelsmestre.com\/metodo\/index.html');\n\t\tconsole.log(\"Link : http:\/\/www.mangelsmestre.com\/metodo\/index.html\");\n\t});\n\tjQuery(\"img[src*='Recetas-Macro']\").css(\"cursor\",\"pointer\").click(function( event ) { event.preventDefault();\n\t\twindow.open('http:\/\/www.mangelsmestre.com\/descargas\/recetas_macrobioticas.html');\n\t\tconsole.log(\"Link : http:\/\/www.mangelsmestre.com\/descargas\/recetas_macrobioticas.html\");\n\t});\n\tjQuery(\"img[src*='despierta']\").css(\"cursor\",\"pointer\").click(function( event ) { event.preventDefault();\n\t\twindow.open('http:\/\/www.mangelsmestre.com\/descargas\/despierta.html');\n\t\tconsole.log(\"Link : http:\/\/www.mangelsmestre.com\/descargas\/despierta.html\");\n\t});\n\tjQuery(\"img[src*='Portada41']\").css(\"cursor\",\"pointer\").click(function( event ) { event.preventDefault();\n\t\twindow.open('https:\/\/www.mangelsmestre.com\/descargas\/echeriel_es.html');\n\t\tconsole.log(\"Link 5: https:\/\/www.mangelsmestre.com\/descargas\/echeriel_es.html\");\n\t});\n\t\/\/-----------------------\n\tjQuery(\".testimonial-slide\").eq(0).css(\"cursor\",\"pointer\").click(function( event ) { event.preventDefault();\n \t\twindow.open('http:\/\/www.mangelsmestre.com\/wp-content\/uploads\/sites\/4\/2019\/04\/La-Contra-de-La-Vanguardia_20_09_2007.pdf');\n\t\tconsole.log('http:\/\/www.mangelsmestre.com\/wp-content\/uploads\/sites\/4\/2019\/04\/La-Contra-de-La-Vanguardia_20_09_2007.pdf');\n\t});\n\tjQuery(\".testimonial-slide\").eq(1).css(\"cursor\",\"pointer\").click(function( event ) { event.preventDefault();\n \t\twindow.open('http:\/\/www.mangelsmestre.com\/wp-content\/uploads\/sites\/4\/2019\/04\/Tendendias-La-Vanguardia-21_02_2015.pdf');\n\t\tconsole.log('http:\/\/www.mangelsmestre.com\/wp-content\/uploads\/sites\/4\/2019\/04\/Tendendias-La-Vanguardia-21_02_2015.pdf');\n\t});\t\t\t\t\t\t\t\t\t\t\t\t\t\t\t\t\t\t\t\t\t\t\t\t\t\t\t\t\t\t\t\t\t\t\t\t\t\t\t\t \n\tjQuery(\".testimonial-slide\").eq(2).css(\"cursor\",\"pointer\").click(function( event ) { event.preventDefault();\n \t\twindow.open('http:\/\/www.mangelsmestre.com\/wp-content\/uploads\/sites\/4\/2019\/04\/Tendencias_La-cocina-alternativa_22_02_2016.pdf');\n\t\tconsole.log('http:\/\/www.mangelsmestre.com\/wp-content\/uploads\/sites\/4\/2019\/04\/Tendencias_La-cocina-alternativa_22_02_2016.pdf');\n\t});\n\tjQuery(\".testimonial-slide\").eq(3).css(\"cursor\",\"pointer\").click(function( event ) { event.preventDefault();\n \t\twindow.open('https:\/\/www.mangelsmestre.com\/main\/wp-content\/uploads\/2016\/01\/the-ecologist64-MARIA-ANGELES-MESTRE.pdf');\n\t\tconsole.log('https:\/\/www.mangelsmestre.com\/main\/wp-content\/uploads\/2016\/01\/the-ecologist64-MARIA-ANGELES-MESTRE.pdf');\n\t});\n<\/script><\/div><\/div><\/div><\/div><\/div>","protected":false},"excerpt":{"rendered":"<p>Diagnosticada de fibromialgia y s\u00edndrome de fatiga cr\u00f3nica a los 52 a\u00f1os, M\u00aa \u00c0ngels Mestre, arquitecta de profesi\u00f3n, hija, hermana [&hellip;]<\/p>\n","protected":false},"author":1,"featured_media":0,"parent":0,"menu_order":0,"comment_status":"closed","ping_status":"closed","template":"page-templates\/pagebuilder.php","meta":{"footnotes":""},"class_list":["post-5","page","type-page","status-publish","hentry"],"_links":{"self":[{"href":"https:\/\/www.mangelsmestre.com\/main\/wp-json\/wp\/v2\/pages\/5","targetHints":{"allow":["GET"]}}],"collection":[{"href":"https:\/\/www.mangelsmestre.com\/main\/wp-json\/wp\/v2\/pages"}],"about":[{"href":"https:\/\/www.mangelsmestre.com\/main\/wp-json\/wp\/v2\/types\/page"}],"author":[{"embeddable":true,"href":"https:\/\/www.mangelsmestre.com\/main\/wp-json\/wp\/v2\/users\/1"}],"replies":[{"embeddable":true,"href":"https:\/\/www.mangelsmestre.com\/main\/wp-json\/wp\/v2\/comments?post=5"}],"version-history":[{"count":206,"href":"https:\/\/www.mangelsmestre.com\/main\/wp-json\/wp\/v2\/pages\/5\/revisions"}],"predecessor-version":[{"id":4931,"href":"https:\/\/www.mangelsmestre.com\/main\/wp-json\/wp\/v2\/pages\/5\/revisions\/4931"}],"wp:attachment":[{"href":"https:\/\/www.mangelsmestre.com\/main\/wp-json\/wp\/v2\/media?parent=5"}],"curies":[{"name":"wp","href":"https:\/\/api.w.org\/{rel}","templated":true}]}}